{"id":5466,"date":"2026-05-13T21:00:58","date_gmt":"2026-05-13T19:00:58","guid":{"rendered":"https:\/\/dadovparis.com\/product\/aster-embrayage-de-taille-moyenne-4\/"},"modified":"2026-08-13T12:42:16","modified_gmt":"2026-08-13T10:42:16","slug":"aster-embrayage-de-taille-moyenne-4","status":"publish","type":"product","link":"https:\/\/dadovparis.com\/fr\/produit\/aster-embrayage-de-taille-moyenne-4\/","title":{"rendered":"Aster \u2014 Embrayage de taille moyenne"},"content":{"rendered":"<div class=\"wpb-content-wrapper\">[vc_row][vc_column][vc_column_text css=\u00a0\u00bb\u00a0\u00bb]Fabriqu\u00e9e \u00e0 la main en cuir italien haut de gamme, la pochette Aster poss\u00e8de une fermeture bouton-pression et une forme polie et profil\u00e9e.[\/vc_column_text][\/vc_column][\/vc_row]\n<\/div>","protected":false},"excerpt":{"rendered":"<div class=\"ewa-rteLine\">Le sac Aster tire son nom d\u2019une fleur li\u00e9e \u00e0 un souvenir d\u2019enfance, gr\u00e2ce \u00e0 sa forme nette et sculpt\u00e9e, aux p\u00e9tales doux comme du velours. Le sac raconte la m\u00eame histoire de lignes architecturales qui conservent des traits plus doux et des proportions raffin\u00e9es, devenant ainsi une pi\u00e8ce \u00e0 la fois polyvalente et unique. Dans notre daim italien premium, cette dualit\u00e9 se retrouve sur le cuir, \u00e9voquant la sensation de la fleur.  <\/p>\n<\/div>\n<div class=\"ewa-rteLine\"><\/div>\n<div class=\"ewa-rteLine\">Son fermoir D personnalis\u00e9 rappelle l\u2019un des codes signature de la Maison et s\u2019inspire du lien entre les cinq membres de la famille du fondateur, un \u00e9l\u00e9ment significatif au c\u0153ur de l\u2019identit\u00e9 de la collection.<\/div>\n<div class=\"ewa-rteLine\">\n<\/div>\n<div class=\"ewa-rteLine\">Ce sac incarne un \u00e9quilibre entre \u00e9l\u00e9gance quotidienne et attrait du soir. Sa silhouette permet de le porter \u00e0 la main mais, gr\u00e2ce \u00e0 ses deux cha\u00eenes interchangeables, Aster s\u2019adapte parfaitement \u00e0 chaque occasion. La premi\u00e8re cha\u00eene offre une fa\u00e7on moderne et polyvalente de le porter \u00e0 l\u2019\u00e9paule ou en travers, tandis que la seconde, une cha\u00eene statement exclusive, transforme le sac en compagnon id\u00e9al pour les soir\u00e9es sp\u00e9ciales.  <\/div>\n","protected":false},"featured_media":5419,"template":"","meta":[],"product_brand":[],"product_cat":[335],"product_tag":[],"class_list":["post-5466","product","type-product","status-publish","has-post-thumbnail","product_cat-aster","first","instock","shipping-taxable","purchasable","product-type-simple"],"_links":{"self":[{"href":"https:\/\/dadovparis.com\/fr\/wp-json\/wp\/v2\/product\/5466","targetHints":{"allow":["GET"]}}],"collection":[{"href":"https:\/\/dadovparis.com\/fr\/wp-json\/wp\/v2\/product"}],"about":[{"href":"https:\/\/dadovparis.com\/fr\/wp-json\/wp\/v2\/types\/product"}],"wp:featuredmedia":[{"embeddable":true,"href":"https:\/\/dadovparis.com\/fr\/wp-json\/wp\/v2\/media\/5419"}],"wp:attachment":[{"href":"https:\/\/dadovparis.com\/fr\/wp-json\/wp\/v2\/media?parent=5466"}],"wp:term":[{"taxonomy":"product_brand","embeddable":true,"href":"https:\/\/dadovparis.com\/fr\/wp-json\/wp\/v2\/product_brand?post=5466"},{"taxonomy":"product_cat","embeddable":true,"href":"https:\/\/dadovparis.com\/fr\/wp-json\/wp\/v2\/product_cat?post=5466"},{"taxonomy":"product_tag","embeddable":true,"href":"https:\/\/dadovparis.com\/fr\/wp-json\/wp\/v2\/product_tag?post=5466"}],"curies":[{"name":"wp","href":"https:\/\/api.w.org\/{rel}","templated":true}]}}